{"id":11616,"date":"2023-07-27T12:43:15","date_gmt":"2023-07-27T10:43:15","guid":{"rendered":"https:\/\/info-kahrs.ch\/pflege\/"},"modified":"2025-09-09T14:26:11","modified_gmt":"2025-09-09T12:26:11","slug":"pflege","status":"publish","type":"page","link":"https:\/\/kahrs.ch\/de\/pflege\/","title":{"rendered":"Bodenpflege"},"content":{"rendered":"\t\t<div data-elementor-type=\"wp-page\" data-elementor-id=\"11616\" class=\"elementor elementor-11616 elementor-3390\" data-elementor-post-type=\"page\">\n\t\t\t\t<div class=\"elementor-element elementor-element-cd68284 e-flex e-con-boxed e-con e-parent\" data-id=\"cd68284\" data-element_type=\"container\" data-e-type=\"container\" data-settings=\"{&quot;jet_parallax_layout_list&quot;:[]}\">\n\t\t\t\t\t<div class=\"e-con-inner\">\n\t\t<div class=\"elementor-element elementor-element-d3ae1e5 e-con-full e-flex e-con e-child\" data-id=\"d3ae1e5\" data-element_type=\"container\" data-e-type=\"container\" data-settings=\"{&quot;jet_parallax_layout_list&quot;:[]}\">\n\t\t\t\t<div class=\"elementor-element elementor-element-c0dd1db elementor-widget elementor-widget-heading\" data-id=\"c0dd1db\" data-element_type=\"widget\" data-e-type=\"widget\" data-widget_type=\"heading.default\">\n\t\t\t\t<div class=\"elementor-widget-container\">\n\t\t\t\t\t<h1 class=\"elementor-heading-title elementor-size-default\">Bodenpflege\n<\/h1>\t\t\t\t<\/div>\n\t\t\t\t<\/div>\n\t\t\t\t<\/div>\n\t\t\t\t\t<\/div>\n\t\t\t\t<\/div>\n\t\t<div class=\"elementor-element elementor-element-5629f18 e-flex e-con-boxed e-con e-parent\" data-id=\"5629f18\" data-element_type=\"container\" data-e-type=\"container\" data-settings=\"{&quot;jet_parallax_layout_list&quot;:[]}\">\n\t\t\t\t\t<div class=\"e-con-inner\">\n\t\t<div class=\"elementor-element elementor-element-827bc18 e-con-full e-flex e-con e-child\" data-id=\"827bc18\" data-element_type=\"container\" data-e-type=\"container\" data-settings=\"{&quot;jet_parallax_layout_list&quot;:[]}\">\n\t\t<div class=\"elementor-element elementor-element-5fbfc83 e-con-full e-flex e-con e-child\" data-id=\"5fbfc83\" data-element_type=\"container\" data-e-type=\"container\" data-settings=\"{&quot;jet_parallax_layout_list&quot;:[]}\">\n\t\t\t\t<div class=\"elementor-element elementor-element-03ec0fa elementor-widget elementor-widget-text-editor\" data-id=\"03ec0fa\" data-element_type=\"widget\" data-e-type=\"widget\" data-widget_type=\"text-editor.default\">\n\t\t\t\t<div class=\"elementor-widget-container\">\n\t\t\t\t\t\t\t\t\t<p>Unsere B\u00f6den sind langlebig und pflegeleicht. Mit der richtigen Pflege wird Ihr Boden seine Sch\u00f6nheit \u00fcber Jahre hinweg bewahren. F\u00fcr eine optimale Pflege sollten Sie darauf achten, dass die Eing\u00e4nge gut gestaltet sind und \u00fcber einen Bereich zum Abwischen der Schuhe verf\u00fcgen. Im Folgenden finden Sie eine \u00dcbersicht \u00fcber die Pflegeanforderungen f\u00fcr unsere Parkett- und Vinylb\u00f6den.<\/p>\t\t\t\t\t\t\t\t<\/div>\n\t\t\t\t<\/div>\n\t\t\t\t<\/div>\n\t\t<div class=\"elementor-element elementor-element-22aa69d e-con-full e-flex e-con e-child\" data-id=\"22aa69d\" data-element_type=\"container\" data-e-type=\"container\" data-settings=\"{&quot;jet_parallax_layout_list&quot;:[]}\">\n\t\t<div class=\"elementor-element elementor-element-74286df e-con-full e-flex e-con e-child\" data-id=\"74286df\" data-element_type=\"container\" data-e-type=\"container\" data-settings=\"{&quot;background_background&quot;:&quot;classic&quot;,&quot;jet_parallax_layout_list&quot;:[]}\">\n\t\t\t\t<div class=\"elementor-element elementor-element-f8d1760 elementor-widget elementor-widget-heading\" data-id=\"f8d1760\" data-element_type=\"widget\" data-e-type=\"widget\" data-widget_type=\"heading.default\">\n\t\t\t\t<div class=\"elementor-widget-container\">\n\t\t\t\t\t<h2 class=\"elementor-heading-title elementor-size-default\">Parkett<\/h2>\t\t\t\t<\/div>\n\t\t\t\t<\/div>\n\t\t\t\t<div class=\"elementor-element elementor-element-3a1c207 elementor-mobile-align-center elementor-widget elementor-widget-button\" data-id=\"3a1c207\" data-element_type=\"widget\" data-e-type=\"widget\" data-widget_type=\"button.default\">\n\t\t\t\t<div class=\"elementor-widget-container\">\n\t\t\t\t\t\t\t\t\t<div class=\"elementor-button-wrapper\">\n\t\t\t\t\t<a class=\"elementor-button elementor-button-link elementor-size-sm\" href=\"https:\/\/kahrs.ch\/de\/unterhaltspflege-parkett\/\">\n\t\t\t\t\t\t<span class=\"elementor-button-content-wrapper\">\n\t\t\t\t\t\t\t\t\t<span class=\"elementor-button-text\">Erfahren Sie mehr \u00fcber die Pflege von Parkettb\u00f6den<\/span>\n\t\t\t\t\t<\/span>\n\t\t\t\t\t<\/a>\n\t\t\t\t<\/div>\n\t\t\t\t\t\t\t\t<\/div>\n\t\t\t\t<\/div>\n\t\t\t\t<\/div>\n\t\t<div class=\"elementor-element elementor-element-b89378d e-con-full e-flex e-con e-child\" data-id=\"b89378d\" data-element_type=\"container\" data-e-type=\"container\" data-settings=\"{&quot;background_background&quot;:&quot;classic&quot;,&quot;jet_parallax_layout_list&quot;:[]}\">\n\t\t\t\t<div class=\"elementor-element elementor-element-d6f86b6 elementor-widget elementor-widget-heading\" data-id=\"d6f86b6\" data-element_type=\"widget\" data-e-type=\"widget\" data-widget_type=\"heading.default\">\n\t\t\t\t<div class=\"elementor-widget-container\">\n\t\t\t\t\t<h2 class=\"elementor-heading-title elementor-size-default\">Vinyl<\/h2>\t\t\t\t<\/div>\n\t\t\t\t<\/div>\n\t\t\t\t<div class=\"elementor-element elementor-element-2f12d08 elementor-mobile-align-center elementor-widget elementor-widget-button\" data-id=\"2f12d08\" data-element_type=\"widget\" data-e-type=\"widget\" data-widget_type=\"button.default\">\n\t\t\t\t<div class=\"elementor-widget-container\">\n\t\t\t\t\t\t\t\t\t<div class=\"elementor-button-wrapper\">\n\t\t\t\t\t<a class=\"elementor-button elementor-button-link elementor-size-sm\" href=\"https:\/\/kahrs.ch\/de\/unterhaltspflege-vinyl\/\">\n\t\t\t\t\t\t<span class=\"elementor-button-content-wrapper\">\n\t\t\t\t\t\t\t\t\t<span class=\"elementor-button-text\">Erfahren Sie mehr \u00fcber die Pflege von Vinyl<\/span>\n\t\t\t\t\t<\/span>\n\t\t\t\t\t<\/a>\n\t\t\t\t<\/div>\n\t\t\t\t\t\t\t\t<\/div>\n\t\t\t\t<\/div>\n\t\t\t\t<\/div>\n\t\t\t\t<\/div>\n\t\t\t\t<\/div>\n\t\t\t\t\t<\/div>\n\t\t\t\t<\/div>\n\t\t\t\t<\/div>\n\t\t","protected":false},"excerpt":{"rendered":"<p>Bodenpflege Unsere B\u00f6den sind langlebig und pflegeleicht. Mit der richtigen Pflege wird Ihr Boden seine Sch\u00f6nheit \u00fcber Jahre hinweg bewahren. F\u00fcr eine optimale Pflege sollten Sie darauf achten, dass die Eing\u00e4nge gut gestaltet sind und \u00fcber einen Bereich zum Abwischen der Schuhe verf\u00fcgen. Im Folgenden finden Sie eine \u00dcbersicht \u00fcber die Pflegeanforderungen f\u00fcr unsere Parkett- [&hellip;]<\/p>\n","protected":false},"author":1,"featured_media":6000,"parent":0,"menu_order":0,"comment_status":"closed","ping_status":"closed","template":"elementor_header_footer","meta":{"_acf_changed":false,"site-sidebar-layout":"no-sidebar","site-content-layout":"page-builder","ast-site-content-layout":"full-width-container","site-content-style":"unboxed","site-sidebar-style":"unboxed","ast-global-header-display":"","ast-banner-title-visibility":"","ast-main-header-display":"","ast-hfb-above-header-display":"","ast-hfb-below-header-display":"","ast-hfb-mobile-header-display":"","site-post-title":"disabled","ast-breadcrumbs-content":"","ast-featured-img":"disabled","footer-sml-layout":"","ast-disable-related-posts":"","theme-transparent-header-meta":"","adv-header-id-meta":"","stick-header-meta":"","header-above-stick-meta":"","header-main-stick-meta":"","header-below-stick-meta":"","astra-migrate-meta-layouts":"default","ast-page-background-enabled":"default","ast-page-background-meta":{"desktop":{"background-color":"var(--ast-global-color-4)","background-image":"","background-repeat":"repeat","background-position":"center center","background-size":"auto","background-attachment":"scroll","background-type":"","background-media":"","overlay-type":"","overlay-color":"","overlay-opacity":"","overlay-gradient":""},"tablet":{"background-color":"","background-image":"","background-repeat":"repeat","background-position":"center center","background-size":"auto","background-attachment":"scroll","background-type":"","background-media":"","overlay-type":"","overlay-color":"","overlay-opacity":"","overlay-gradient":""},"mobile":{"background-color":"","background-image":"","background-repeat":"repeat","background-position":"center center","background-size":"auto","background-attachment":"scroll","background-type":"","background-media":"","overlay-type":"","overlay-color":"","overlay-opacity":"","overlay-gradient":""}},"ast-content-background-meta":{"desktop":{"background-color":"var(--ast-global-color-5)","background-image":"","background-repeat":"repeat","background-position":"center center","background-size":"auto","background-attachment":"scroll","background-type":"","background-media":"","overlay-type":"","overlay-color":"","overlay-opacity":"","overlay-gradient":""},"tablet":{"background-color":"var(--ast-global-color-5)","background-image":"","background-repeat":"repeat","background-position":"center center","background-size":"auto","background-attachment":"scroll","background-type":"","background-media":"","overlay-type":"","overlay-color":"","overlay-opacity":"","overlay-gradient":""},"mobile":{"background-color":"var(--ast-global-color-5)","background-image":"","background-repeat":"repeat","background-position":"center center","background-size":"auto","background-attachment":"scroll","background-type":"","background-media":"","overlay-type":"","overlay-color":"","overlay-opacity":"","overlay-gradient":""}},"footnotes":""},"class_list":["post-11616","page","type-page","status-publish","has-post-thumbnail","hentry"],"acf":[],"yoast_head":"<!-- This site is optimized with the Yoast SEO plugin v27.1.1 - https:\/\/yoast.com\/product\/yoast-seo-wordpress\/ -->\n<title>Bodenpflege | K\u00e4hrs Switzerland<\/title>\n<meta name=\"description\" content=\"Unsere B\u00f6den sind langlebig und pflegeleicht. Mit der richtigen Pflege wird Ihr Boden seine Sch\u00f6nheit \u00fcber Jahre hinweg bewahren.\" \/>\n<meta name=\"robots\" content=\"index, follow, max-snippet:-1, max-image-preview:large, max-video-preview:-1\" \/>\n<link rel=\"canonical\" href=\"https:\/\/kahrs.ch\/de\/pflege\/\" \/>\n<meta property=\"og:locale\" content=\"de_DE\" \/>\n<meta property=\"og:type\" content=\"article\" \/>\n<meta property=\"og:title\" content=\"Bodenpflege | K\u00e4hrs Switzerland\" \/>\n<meta property=\"og:description\" content=\"Unsere B\u00f6den sind langlebig und pflegeleicht. Mit der richtigen Pflege wird Ihr Boden seine Sch\u00f6nheit \u00fcber Jahre hinweg bewahren.\" \/>\n<meta property=\"og:url\" content=\"https:\/\/kahrs.ch\/de\/pflege\/\" \/>\n<meta property=\"og:site_name\" content=\"K\u00e4hrs Switzerland\" \/>\n<meta property=\"article:modified_time\" content=\"2025-09-09T12:26:11+00:00\" \/>\n<meta property=\"og:image\" content=\"https:\/\/kahrs.ch\/wp-content\/uploads\/2023\/08\/1-6-scaled.jpg\" \/>\n\t<meta property=\"og:image:width\" content=\"2133\" \/>\n\t<meta property=\"og:image:height\" content=\"2560\" \/>\n\t<meta property=\"og:image:type\" content=\"image\/jpeg\" \/>\n<meta name=\"twitter:card\" content=\"summary_large_image\" \/>\n<script type=\"application\/ld+json\" class=\"yoast-schema-graph\">{\"@context\":\"https:\/\/schema.org\",\"@graph\":[{\"@type\":\"WebPage\",\"@id\":\"https:\/\/kahrs.ch\/de\/pflege\/\",\"url\":\"https:\/\/kahrs.ch\/de\/pflege\/\",\"name\":\"Bodenpflege | K\u00e4hrs Switzerland\",\"isPartOf\":{\"@id\":\"https:\/\/kahrs.ch\/de\/#website\"},\"primaryImageOfPage\":{\"@id\":\"https:\/\/kahrs.ch\/de\/pflege\/#primaryimage\"},\"image\":{\"@id\":\"https:\/\/kahrs.ch\/de\/pflege\/#primaryimage\"},\"thumbnailUrl\":\"https:\/\/kahrs.ch\/wp-content\/uploads\/2023\/08\/1-6-scaled.jpg\",\"datePublished\":\"2023-07-27T10:43:15+00:00\",\"dateModified\":\"2025-09-09T12:26:11+00:00\",\"description\":\"Unsere B\u00f6den sind langlebig und pflegeleicht. Mit der richtigen Pflege wird Ihr Boden seine Sch\u00f6nheit \u00fcber Jahre hinweg bewahren.\",\"breadcrumb\":{\"@id\":\"https:\/\/kahrs.ch\/de\/pflege\/#breadcrumb\"},\"inLanguage\":\"de\",\"potentialAction\":[{\"@type\":\"ReadAction\",\"target\":[\"https:\/\/kahrs.ch\/de\/pflege\/\"]}]},{\"@type\":\"ImageObject\",\"inLanguage\":\"de\",\"@id\":\"https:\/\/kahrs.ch\/de\/pflege\/#primaryimage\",\"url\":\"https:\/\/kahrs.ch\/wp-content\/uploads\/2023\/08\/1-6-scaled.jpg\",\"contentUrl\":\"https:\/\/kahrs.ch\/wp-content\/uploads\/2023\/08\/1-6-scaled.jpg\",\"width\":2133,\"height\":2560},{\"@type\":\"BreadcrumbList\",\"@id\":\"https:\/\/kahrs.ch\/de\/pflege\/#breadcrumb\",\"itemListElement\":[{\"@type\":\"ListItem\",\"position\":1,\"name\":\"Accueil\",\"item\":\"https:\/\/kahrs.ch\/de\/kaehrs-parkett-und-vinylboeden\/\"},{\"@type\":\"ListItem\",\"position\":2,\"name\":\"Bodenpflege\"}]},{\"@type\":\"WebSite\",\"@id\":\"https:\/\/kahrs.ch\/de\/#website\",\"url\":\"https:\/\/kahrs.ch\/de\/\",\"name\":\"K\u00e4hrs Switzerland\",\"description\":\"\",\"publisher\":{\"@id\":\"https:\/\/kahrs.ch\/de\/#organization\"},\"alternateName\":\"K\u00e4hrs Switzerland\",\"potentialAction\":[{\"@type\":\"SearchAction\",\"target\":{\"@type\":\"EntryPoint\",\"urlTemplate\":\"https:\/\/kahrs.ch\/de\/?s={search_term_string}\"},\"query-input\":{\"@type\":\"PropertyValueSpecification\",\"valueRequired\":true,\"valueName\":\"search_term_string\"}}],\"inLanguage\":\"de\"},{\"@type\":\"Organization\",\"@id\":\"https:\/\/kahrs.ch\/de\/#organization\",\"name\":\"K\u00e4hrs Switzerland\",\"url\":\"https:\/\/kahrs.ch\/de\/\",\"logo\":{\"@type\":\"ImageObject\",\"inLanguage\":\"de\",\"@id\":\"https:\/\/kahrs.ch\/de\/#\/schema\/logo\/image\/\",\"url\":\"https:\/\/kahrs.ch\/wp-content\/uploads\/2023\/08\/Kahrs-logotype-without-tagline_Print-150dpi_2-1.jpg\",\"contentUrl\":\"https:\/\/kahrs.ch\/wp-content\/uploads\/2023\/08\/Kahrs-logotype-without-tagline_Print-150dpi_2-1.jpg\",\"width\":421,\"height\":376,\"caption\":\"K\u00e4hrs Switzerland\"},\"image\":{\"@id\":\"https:\/\/kahrs.ch\/de\/#\/schema\/logo\/image\/\"}}]}<\/script>\n<!-- \/ Yoast SEO plugin. -->","yoast_head_json":{"title":"Bodenpflege | K\u00e4hrs Switzerland","description":"Unsere B\u00f6den sind langlebig und pflegeleicht. Mit der richtigen Pflege wird Ihr Boden seine Sch\u00f6nheit \u00fcber Jahre hinweg bewahren.","robots":{"index":"index","follow":"follow","max-snippet":"max-snippet:-1","max-image-preview":"max-image-preview:large","max-video-preview":"max-video-preview:-1"},"canonical":"https:\/\/kahrs.ch\/de\/pflege\/","og_locale":"de_DE","og_type":"article","og_title":"Bodenpflege | K\u00e4hrs Switzerland","og_description":"Unsere B\u00f6den sind langlebig und pflegeleicht. Mit der richtigen Pflege wird Ihr Boden seine Sch\u00f6nheit \u00fcber Jahre hinweg bewahren.","og_url":"https:\/\/kahrs.ch\/de\/pflege\/","og_site_name":"K\u00e4hrs Switzerland","article_modified_time":"2025-09-09T12:26:11+00:00","og_image":[{"width":2133,"height":2560,"url":"https:\/\/kahrs.ch\/wp-content\/uploads\/2023\/08\/1-6-scaled.jpg","type":"image\/jpeg"}],"twitter_card":"summary_large_image","schema":{"@context":"https:\/\/schema.org","@graph":[{"@type":"WebPage","@id":"https:\/\/kahrs.ch\/de\/pflege\/","url":"https:\/\/kahrs.ch\/de\/pflege\/","name":"Bodenpflege | K\u00e4hrs Switzerland","isPartOf":{"@id":"https:\/\/kahrs.ch\/de\/#website"},"primaryImageOfPage":{"@id":"https:\/\/kahrs.ch\/de\/pflege\/#primaryimage"},"image":{"@id":"https:\/\/kahrs.ch\/de\/pflege\/#primaryimage"},"thumbnailUrl":"https:\/\/kahrs.ch\/wp-content\/uploads\/2023\/08\/1-6-scaled.jpg","datePublished":"2023-07-27T10:43:15+00:00","dateModified":"2025-09-09T12:26:11+00:00","description":"Unsere B\u00f6den sind langlebig und pflegeleicht. Mit der richtigen Pflege wird Ihr Boden seine Sch\u00f6nheit \u00fcber Jahre hinweg bewahren.","breadcrumb":{"@id":"https:\/\/kahrs.ch\/de\/pflege\/#breadcrumb"},"inLanguage":"de","potentialAction":[{"@type":"ReadAction","target":["https:\/\/kahrs.ch\/de\/pflege\/"]}]},{"@type":"ImageObject","inLanguage":"de","@id":"https:\/\/kahrs.ch\/de\/pflege\/#primaryimage","url":"https:\/\/kahrs.ch\/wp-content\/uploads\/2023\/08\/1-6-scaled.jpg","contentUrl":"https:\/\/kahrs.ch\/wp-content\/uploads\/2023\/08\/1-6-scaled.jpg","width":2133,"height":2560},{"@type":"BreadcrumbList","@id":"https:\/\/kahrs.ch\/de\/pflege\/#breadcrumb","itemListElement":[{"@type":"ListItem","position":1,"name":"Accueil","item":"https:\/\/kahrs.ch\/de\/kaehrs-parkett-und-vinylboeden\/"},{"@type":"ListItem","position":2,"name":"Bodenpflege"}]},{"@type":"WebSite","@id":"https:\/\/kahrs.ch\/de\/#website","url":"https:\/\/kahrs.ch\/de\/","name":"K\u00e4hrs Switzerland","description":"","publisher":{"@id":"https:\/\/kahrs.ch\/de\/#organization"},"alternateName":"K\u00e4hrs Switzerland","potentialAction":[{"@type":"SearchAction","target":{"@type":"EntryPoint","urlTemplate":"https:\/\/kahrs.ch\/de\/?s={search_term_string}"},"query-input":{"@type":"PropertyValueSpecification","valueRequired":true,"valueName":"search_term_string"}}],"inLanguage":"de"},{"@type":"Organization","@id":"https:\/\/kahrs.ch\/de\/#organization","name":"K\u00e4hrs Switzerland","url":"https:\/\/kahrs.ch\/de\/","logo":{"@type":"ImageObject","inLanguage":"de","@id":"https:\/\/kahrs.ch\/de\/#\/schema\/logo\/image\/","url":"https:\/\/kahrs.ch\/wp-content\/uploads\/2023\/08\/Kahrs-logotype-without-tagline_Print-150dpi_2-1.jpg","contentUrl":"https:\/\/kahrs.ch\/wp-content\/uploads\/2023\/08\/Kahrs-logotype-without-tagline_Print-150dpi_2-1.jpg","width":421,"height":376,"caption":"K\u00e4hrs Switzerland"},"image":{"@id":"https:\/\/kahrs.ch\/de\/#\/schema\/logo\/image\/"}}]}},"_links":{"self":[{"href":"https:\/\/kahrs.ch\/de\/wp-json\/wp\/v2\/pages\/11616","targetHints":{"allow":["GET"]}}],"collection":[{"href":"https:\/\/kahrs.ch\/de\/wp-json\/wp\/v2\/pages"}],"about":[{"href":"https:\/\/kahrs.ch\/de\/wp-json\/wp\/v2\/types\/page"}],"author":[{"embeddable":true,"href":"https:\/\/kahrs.ch\/de\/wp-json\/wp\/v2\/users\/1"}],"replies":[{"embeddable":true,"href":"https:\/\/kahrs.ch\/de\/wp-json\/wp\/v2\/comments?post=11616"}],"version-history":[{"count":8,"href":"https:\/\/kahrs.ch\/de\/wp-json\/wp\/v2\/pages\/11616\/revisions"}],"predecessor-version":[{"id":20473,"href":"https:\/\/kahrs.ch\/de\/wp-json\/wp\/v2\/pages\/11616\/revisions\/20473"}],"wp:featuredmedia":[{"embeddable":true,"href":"https:\/\/kahrs.ch\/de\/wp-json\/wp\/v2\/media\/6000"}],"wp:attachment":[{"href":"https:\/\/kahrs.ch\/de\/wp-json\/wp\/v2\/media?parent=11616"}],"curies":[{"name":"wp","href":"https:\/\/api.w.org\/{rel}","templated":true}]}}