{"id":16928,"date":"2024-06-23T12:11:08","date_gmt":"2024-06-23T10:11:08","guid":{"rendered":"https:\/\/kahrs.ch\/die-farbe-des-parketts\/"},"modified":"2025-01-24T09:34:33","modified_gmt":"2025-01-24T08:34:33","slug":"die-farbe-des-parketts","status":"publish","type":"page","link":"https:\/\/kahrs.ch\/de\/die-farbe-des-parketts\/","title":{"rendered":"Die Farbe des Parketts"},"content":{"rendered":"\t\t<div data-elementor-type=\"wp-page\" data-elementor-id=\"16928\" class=\"elementor elementor-16928 elementor-16324\" data-elementor-post-type=\"page\">\n\t\t\t\t<div class=\"elementor-element elementor-element-01e09c1 e-flex e-con-boxed e-con e-parent\" data-id=\"01e09c1\" data-element_type=\"container\" data-e-type=\"container\" data-settings=\"{&quot;jet_parallax_layout_list&quot;:[],&quot;background_background&quot;:&quot;classic&quot;}\">\n\t\t\t\t\t<div class=\"e-con-inner\">\n\t\t<div class=\"elementor-element elementor-element-b028683 e-con-full e-flex e-con e-child\" data-id=\"b028683\" data-element_type=\"container\" data-e-type=\"container\" data-settings=\"{&quot;jet_parallax_layout_list&quot;:[]}\">\n\t\t\t\t<div class=\"elementor-element elementor-element-47c055e elementor-widget elementor-widget-heading\" data-id=\"47c055e\" data-element_type=\"widget\" data-e-type=\"widget\" data-widget_type=\"heading.default\">\n\t\t\t\t<div class=\"elementor-widget-container\">\n\t\t\t\t\t<h1 class=\"elementor-heading-title elementor-size-default\">Die Farbe des Parketts<\/h1>\t\t\t\t<\/div>\n\t\t\t\t<\/div>\n\t\t\t\t<div class=\"elementor-element elementor-element-28cef3b uael-mobile-heading-align-center elementor-hidden-tablet elementor-hidden-mobile elementor-widget elementor-widget-uael-advanced-heading\" data-id=\"28cef3b\" data-element_type=\"widget\" data-e-type=\"widget\" data-widget_type=\"uael-advanced-heading.default\">\n\t\t\t\t<div class=\"elementor-widget-container\">\n\t\t\t\t\t\n\t\t<div class=\"uael-module-content uael-heading-wrapper\">\n\t\t\t\t\t\t\n\t\t\t<h2 class=\"uael-heading\">\n\t\t\t\t\t\t\t\t\t\t<span class=\"uael-heading-text elementor-inline-editing uael-size--medium\" data-elementor-setting-key=\"heading_title\" data-elementor-inline-editing-toolbar=\"basic\">ENTDECKEN SIE DIE PERFEKTE PARKETTFARBE F\u00dcR IHREN WOHNBEREICH<\/span>\n\t\t\t\t\t\t\t<\/h2>\n\n\t\t\t\n\t\t\t\n\t\t\t\t\t\t\t<div class=\"uael-subheading elementor-inline-editing\" data-elementor-setting-key=\"heading_description\" data-elementor-inline-editing-toolbar=\"advanced\" >\n\t\t\t\t\tWir bei K\u00e4hrs sind \u00fcberzeugt, dass die Wahl der richtigen Farbe f\u00fcr Ihren Parkettboden ein entscheidender Schritt ist. Ob Sie warme, satte Farbt\u00f6ne oder k\u00fchle und moderne Nuancen bevorzugen, unsere breite Auswahl an Parkettfarben bietet unendliche M\u00f6glichkeiten, Ihren Raum aufzuwerten und zu versch\u00f6nern.\t\t\t\t<\/div>\n\t\t\t\t\n\t\t\t\t\t\t<\/div>\n\t\t\t\t\t\t<\/div>\n\t\t\t\t<\/div>\n\t\t\t\t<\/div>\n\t\t\t\t\t<\/div>\n\t\t\t\t<\/div>\n\t\t<div class=\"elementor-element elementor-element-bb9c944 e-flex e-con-boxed e-con e-parent\" data-id=\"bb9c944\" data-element_type=\"container\" data-e-type=\"container\" data-settings=\"{&quot;jet_parallax_layout_list&quot;:[]}\">\n\t\t\t\t\t<div class=\"e-con-inner\">\n\t\t<div class=\"elementor-element elementor-element-183f34d e-con-full e-flex e-con e-child\" data-id=\"183f34d\" data-element_type=\"container\" data-e-type=\"container\" data-settings=\"{&quot;jet_parallax_layout_list&quot;:[]}\">\n\t\t\t\t<div class=\"elementor-element elementor-element-913e9cf elementor-widget elementor-widget-heading\" data-id=\"913e9cf\" data-element_type=\"widget\" data-e-type=\"widget\" data-widget_type=\"heading.default\">\n\t\t\t\t<div class=\"elementor-widget-container\">\n\t\t\t\t\t<h2 class=\"elementor-heading-title elementor-size-default\">WELCHE PARKETTFARBE PASST ZU MEINEM ZUHAUSE?<\/h2>\t\t\t\t<\/div>\n\t\t\t\t<\/div>\n\t\t\t\t<div class=\"elementor-element elementor-element-701929f elementor-widget elementor-widget-text-editor\" data-id=\"701929f\" data-element_type=\"widget\" data-e-type=\"widget\" data-widget_type=\"text-editor.default\">\n\t\t\t\t<div class=\"elementor-widget-container\">\n\t\t\t\t\t\t\t\t\t<div class=\"block textblock col-lg-12 col-md-12 col-sm-12 col-xs-12\">\n<div class=\"block-inner position-relative block-158021 \">\n<div class=\"textblock-content position-relative\">\n<div class=\"text-block-body user-block-content\">\n<p>Die Farbe des Holzbodens hat starken Einfluss darauf, wie der Raum wahrgenommen wird. Welche Farbe Sie w\u00e4hlen, h\u00e4ngt von Ihren Pr\u00e4ferenzen ab. Ob Sie zu hellen, dunklen, weissen, schwarzen, grauen, braunen oder naturfarbenen T\u00f6nen neigen: Jeder Farbton hat seine eigene Wirkung. Der dunkle Holzboden wirkt beruhigend. Er gibt dem Raum eine warme und gem\u00fctliche Atmosph\u00e4re. Es ist jedoch zu beachten, dass ein dunkler Bodenbelag viel Licht schluckt. Ein heller Parkettboden hingegen reflektiert das Licht und l\u00e4sst den Raum gr\u00f6sser erscheinen. K\u00e4hrs versteht die Bedeutung von Parkettfarben und bietet eine grosse Auswahl, um Ihren pers\u00f6nlichen Geschmack zu treffen. So k\u00f6nnen Sie eine Atmosph\u00e4re schaffen, die perfekt zu Ihrem Stil und Ihren Vorstellungen passt.<\/p>\n<\/div>\n<\/div>\n<\/div>\n<\/div>\n\t\t\t\t\t\t\t\t<\/div>\n\t\t\t\t<\/div>\n\t\t\t\t<\/div>\n\t\t\t\t\t<\/div>\n\t\t\t\t<\/div>\n\t\t<div class=\"elementor-element elementor-element-c8111f0 e-flex e-con-boxed e-con e-parent\" data-id=\"c8111f0\" data-element_type=\"container\" data-e-type=\"container\" data-settings=\"{&quot;jet_parallax_layout_list&quot;:[]}\">\n\t\t\t\t\t<div class=\"e-con-inner\">\n\t\t<div class=\"elementor-element elementor-element-5eefb88 e-con-full e-flex e-con e-child\" data-id=\"5eefb88\" data-element_type=\"container\" data-e-type=\"container\" data-settings=\"{&quot;jet_parallax_layout_list&quot;:[]}\">\n\t\t<div class=\"elementor-element elementor-element-6936668 e-con-full e-flex e-con e-child\" data-id=\"6936668\" data-element_type=\"container\" data-e-type=\"container\" data-settings=\"{&quot;jet_parallax_layout_list&quot;:[]}\">\n\t\t\t\t<div class=\"elementor-element elementor-element-47ea16e elementor-widget elementor-widget-jet-banner\" data-id=\"47ea16e\" data-element_type=\"widget\" data-e-type=\"widget\" data-widget_type=\"jet-banner.default\">\n\t\t\t\t<div class=\"elementor-widget-container\">\n\t\t\t\t\t<div class=\"elementor-jet-banner jet-elements\"><figure class=\"jet-banner jet-effect-none\"><a href=\"https:\/\/kahrs.ch\/nos-parquets\/\" class=\"jet-banner__link\"><div class=\"jet-banner__overlay\"><\/div><img decoding=\"async\" src=\"https:\/\/kahrs.ch\/wp-content\/uploads\/2024\/06\/5.jpg\" alt=\"Parquet blanc dans une chambre\" width=\"100%\" height=\"100%\" class=\"jet-banner__img\"><figcaption class=\"jet-banner__content\"><div class=\"jet-banner__content-wrap\"><h3 class=\"jet-banner__title\">Weisser Parkettboden<\/h3><\/div><\/figcaption><\/a><\/figure>\n<\/div>\t\t\t\t<\/div>\n\t\t\t\t<\/div>\n\t\t\t\t<\/div>\n\t\t<div class=\"elementor-element elementor-element-a8d512e e-con-full e-flex e-con e-child\" data-id=\"a8d512e\" data-element_type=\"container\" data-e-type=\"container\" data-settings=\"{&quot;jet_parallax_layout_list&quot;:[]}\">\n\t\t\t\t<div class=\"elementor-element elementor-element-e003e45 elementor-widget elementor-widget-jet-banner\" data-id=\"e003e45\" data-element_type=\"widget\" data-e-type=\"widget\" data-widget_type=\"jet-banner.default\">\n\t\t\t\t<div class=\"elementor-widget-container\">\n\t\t\t\t\t<div class=\"elementor-jet-banner jet-elements\"><figure class=\"jet-banner jet-effect-none\"><a href=\"https:\/\/kahrs.ch\/parquet-gris\/\" class=\"jet-banner__link\"><div class=\"jet-banner__overlay\"><\/div><img decoding=\"async\" src=\"https:\/\/kahrs.ch\/wp-content\/uploads\/2024\/06\/6.jpg\" alt=\"Parquet gris\" width=\"100%\" height=\"100%\" class=\"jet-banner__img\"><figcaption class=\"jet-banner__content\"><div class=\"jet-banner__content-wrap\"><h3 class=\"jet-banner__title\">Grauer Parkettboden<\/h3><\/div><\/figcaption><\/a><\/figure>\n<\/div>\t\t\t\t<\/div>\n\t\t\t\t<\/div>\n\t\t\t\t<\/div>\n\t\t<div class=\"elementor-element elementor-element-9257aa8 e-con-full e-flex e-con e-child\" data-id=\"9257aa8\" data-element_type=\"container\" data-e-type=\"container\" data-settings=\"{&quot;jet_parallax_layout_list&quot;:[]}\">\n\t\t\t\t<div class=\"elementor-element elementor-element-6068ee7 elementor-widget elementor-widget-jet-banner\" data-id=\"6068ee7\" data-element_type=\"widget\" data-e-type=\"widget\" data-widget_type=\"jet-banner.default\">\n\t\t\t\t<div class=\"elementor-widget-container\">\n\t\t\t\t\t<div class=\"elementor-jet-banner jet-elements\"><figure class=\"jet-banner jet-effect-none\"><a href=\"https:\/\/kahrs.ch\/parquet-clair\/\" class=\"jet-banner__link\"><div class=\"jet-banner__overlay\"><\/div><img decoding=\"async\" src=\"https:\/\/kahrs.ch\/wp-content\/uploads\/2024\/06\/1.jpg\" alt=\"Parquet clair dans un salon\" width=\"100%\" height=\"100%\" class=\"jet-banner__img\"><figcaption class=\"jet-banner__content\"><div class=\"jet-banner__content-wrap\"><h3 class=\"jet-banner__title\">Heller Parkettboden<\/h3><\/div><\/figcaption><\/a><\/figure>\n<\/div>\t\t\t\t<\/div>\n\t\t\t\t<\/div>\n\t\t\t\t<\/div>\n\t\t\t\t<\/div>\n\t\t\t\t\t<\/div>\n\t\t\t\t<\/div>\n\t\t<div class=\"elementor-element elementor-element-8e8f8b0 e-flex e-con-boxed e-con e-parent\" data-id=\"8e8f8b0\" data-element_type=\"container\" data-e-type=\"container\" data-settings=\"{&quot;jet_parallax_layout_list&quot;:[]}\">\n\t\t\t\t\t<div class=\"e-con-inner\">\n\t\t<div class=\"elementor-element elementor-element-561eddc e-con-full e-flex e-con e-child\" data-id=\"561eddc\" data-element_type=\"container\" data-e-type=\"container\" data-settings=\"{&quot;jet_parallax_layout_list&quot;:[]}\">\n\t\t<div class=\"elementor-element elementor-element-4e14432 e-con-full e-flex e-con e-child\" data-id=\"4e14432\" data-element_type=\"container\" data-e-type=\"container\" data-settings=\"{&quot;jet_parallax_layout_list&quot;:[]}\">\n\t\t\t\t<div class=\"elementor-element elementor-element-9ac6bf0 elementor-widget elementor-widget-jet-banner\" data-id=\"9ac6bf0\" data-element_type=\"widget\" data-e-type=\"widget\" data-widget_type=\"jet-banner.default\">\n\t\t\t\t<div class=\"elementor-widget-container\">\n\t\t\t\t\t<div class=\"elementor-jet-banner jet-elements\"><figure class=\"jet-banner jet-effect-none\"><a href=\"https:\/\/kahrs.ch\/parquet-brun\/\" class=\"jet-banner__link\"><div class=\"jet-banner__overlay\"><\/div><img decoding=\"async\" src=\"https:\/\/kahrs.ch\/wp-content\/uploads\/2024\/06\/4.jpg\" alt=\"Parquet brun dans une salle \u00e0 manger\" width=\"100%\" height=\"100%\" class=\"jet-banner__img\"><figcaption class=\"jet-banner__content\"><div class=\"jet-banner__content-wrap\"><h3 class=\"jet-banner__title\">Brauner Parkettboden<\/h3><\/div><\/figcaption><\/a><\/figure>\n<\/div>\t\t\t\t<\/div>\n\t\t\t\t<\/div>\n\t\t\t\t<\/div>\n\t\t<div class=\"elementor-element elementor-element-d9204c1 e-con-full e-flex e-con e-child\" data-id=\"d9204c1\" data-element_type=\"container\" data-e-type=\"container\" data-settings=\"{&quot;jet_parallax_layout_list&quot;:[]}\">\n\t\t\t\t<div class=\"elementor-element elementor-element-41381a0 elementor-widget elementor-widget-jet-banner\" data-id=\"41381a0\" data-element_type=\"widget\" data-e-type=\"widget\" data-widget_type=\"jet-banner.default\">\n\t\t\t\t<div class=\"elementor-widget-container\">\n\t\t\t\t\t<div class=\"elementor-jet-banner jet-elements\"><figure class=\"jet-banner jet-effect-none\"><a href=\"https:\/\/kahrs.ch\/nos-parquets\/\" class=\"jet-banner__link\"><div class=\"jet-banner__overlay\"><\/div><img decoding=\"async\" src=\"https:\/\/kahrs.ch\/wp-content\/uploads\/2024\/06\/2.jpg\" alt=\"Parquet fonc\u00e9 dans une cuisine\" width=\"100%\" height=\"100%\" class=\"jet-banner__img\"><figcaption class=\"jet-banner__content\"><div class=\"jet-banner__content-wrap\"><h3 class=\"jet-banner__title\">Dunkelbrauner Parkettboden<\/h3><\/div><\/figcaption><\/a><\/figure>\n<\/div>\t\t\t\t<\/div>\n\t\t\t\t<\/div>\n\t\t\t\t<\/div>\n\t\t<div class=\"elementor-element elementor-element-2b1c4b6 e-con-full e-flex e-con e-child\" data-id=\"2b1c4b6\" data-element_type=\"container\" data-e-type=\"container\" data-settings=\"{&quot;jet_parallax_layout_list&quot;:[]}\">\n\t\t\t\t<div class=\"elementor-element elementor-element-549e2a7 elementor-widget elementor-widget-jet-banner\" data-id=\"549e2a7\" data-element_type=\"widget\" data-e-type=\"widget\" data-widget_type=\"jet-banner.default\">\n\t\t\t\t<div class=\"elementor-widget-container\">\n\t\t\t\t\t<div class=\"elementor-jet-banner jet-elements\"><figure class=\"jet-banner jet-effect-none\"><a href=\"https:\/\/kahrs.ch\/parquet-noir-et-sombre\/\" class=\"jet-banner__link\"><div class=\"jet-banner__overlay\"><\/div><img decoding=\"async\" src=\"https:\/\/kahrs.ch\/wp-content\/uploads\/2024\/06\/3.jpg\" alt=\"Parquet sombre dans une salle \u00e0 manger\" width=\"100%\" height=\"100%\" class=\"jet-banner__img\"><figcaption class=\"jet-banner__content\"><div class=\"jet-banner__content-wrap\"><h3 class=\"jet-banner__title\">Dunkler Parkettboden<\/h3><\/div><\/figcaption><\/a><\/figure>\n<\/div>\t\t\t\t<\/div>\n\t\t\t\t<\/div>\n\t\t\t\t<\/div>\n\t\t\t\t<\/div>\n\t\t\t\t\t<\/div>\n\t\t\t\t<\/div>\n\t\t<div class=\"elementor-element elementor-element-92218ed e-flex e-con-boxed e-con e-parent\" data-id=\"92218ed\" data-element_type=\"container\" data-e-type=\"container\" data-settings=\"{&quot;jet_parallax_layout_list&quot;:[]}\">\n\t\t\t\t\t<div class=\"e-con-inner\">\n\t\t\t\t<div class=\"elementor-element elementor-element-69edee0 elementor-widget elementor-widget-text-editor\" data-id=\"69edee0\" data-element_type=\"widget\" data-e-type=\"widget\" data-widget_type=\"text-editor.default\">\n\t\t\t\t<div class=\"elementor-widget-container\">\n\t\t\t\t\t\t\t\t\t<div class=\"container\">\n<div class=\"row\">\n<div class=\"block textblock col-lg-12 col-md-12 col-sm-12 col-xs-12\">\n<div class=\"block-inner position-relative block-158036 \">\n<div class=\"textblock-content position-relative\">\n<div class=\"text-block-body user-block-content\">\n<p>Entdecken Sie den Charme der Parkettfarben im Jahr 2024, wo zeitgen\u00f6ssische Trends auf kostbare Erinnerungen treffen. Stimmige Farbwelten und das Bed\u00fcrfnis nach Wohlf\u00fchlen und Behaglichkeit bestimmen auch in diesem Jahr die Raumgestaltung. Unser Ziel ist es, Ihnen einen gem\u00fctlichen und einladenden Raum zu bieten, in dem Sie sich mit Ihrer Familie und Ihren Freunden treffen k\u00f6nnen, um gemeinsam unvergessliche Erinnerungen zu erleben. So wird jeder Wohnbereich zu einem pers\u00f6nlichen R\u00fcckzugsort, der Komfort und Eleganz vereint.<\/p>\n<\/div>\n<\/div>\n<\/div>\n<\/div>\n<\/div>\n<\/div>\n\t\t\t\t\t\t\t\t<\/div>\n\t\t\t\t<\/div>\n\t\t\t\t\t<\/div>\n\t\t\t\t<\/div>\n\t\t<div class=\"elementor-element elementor-element-f9e1d8e e-flex e-con-boxed e-con e-parent\" data-id=\"f9e1d8e\" data-element_type=\"container\" data-e-type=\"container\" data-settings=\"{&quot;background_background&quot;:&quot;classic&quot;,&quot;jet_parallax_layout_list&quot;:[]}\">\n\t\t\t\t\t<div class=\"e-con-inner\">\n\t\t\t\t<div class=\"elementor-element elementor-element-7b0ee76 elementor-widget elementor-widget-heading\" data-id=\"7b0ee76\" data-element_type=\"widget\" data-e-type=\"widget\" data-widget_type=\"heading.default\">\n\t\t\t\t<div class=\"elementor-widget-container\">\n\t\t\t\t\t<span class=\"elementor-heading-title elementor-size-default\">\u00dcberblick - Trend 2024<\/span>\t\t\t\t<\/div>\n\t\t\t\t<\/div>\n\t\t\t\t<div class=\"elementor-element elementor-element-dbedd16 elementor-align-center elementor-widget elementor-widget-button\" data-id=\"dbedd16\" data-element_type=\"widget\" data-e-type=\"widget\" data-widget_type=\"button.default\">\n\t\t\t\t<div class=\"elementor-widget-container\">\n\t\t\t\t\t\t\t\t\t<div class=\"elementor-button-wrapper\">\n\t\t\t\t\t<a class=\"elementor-button elementor-button-link elementor-size-sm elementor-animation-grow\" href=\"https:\/\/kahrs.ch\/de\/trends-2024\/\">\n\t\t\t\t\t\t<span class=\"elementor-button-content-wrapper\">\n\t\t\t\t\t\t\t\t\t<span class=\"elementor-button-text\">Lesen Sie den Artikel<\/span>\n\t\t\t\t\t<\/span>\n\t\t\t\t\t<\/a>\n\t\t\t\t<\/div>\n\t\t\t\t\t\t\t\t<\/div>\n\t\t\t\t<\/div>\n\t\t\t\t\t<\/div>\n\t\t\t\t<\/div>\n\t\t<div class=\"elementor-element elementor-element-6a9995dd e-flex e-con-boxed e-con e-parent\" data-id=\"6a9995dd\" data-element_type=\"container\" data-e-type=\"container\" data-settings=\"{&quot;jet_parallax_layout_list&quot;:[]}\">\n\t\t\t\t\t<div class=\"e-con-inner\">\n\t\t<div class=\"elementor-element elementor-element-54b616f9 e-con-full e-flex e-con e-child\" data-id=\"54b616f9\" data-element_type=\"container\" data-e-type=\"container\" data-settings=\"{&quot;background_background&quot;:&quot;classic&quot;,&quot;jet_parallax_layout_list&quot;:[]}\">\n\t\t\t\t<div class=\"elementor-element elementor-element-599f0280 elementor-widget elementor-widget-image\" data-id=\"599f0280\" data-element_type=\"widget\" data-e-type=\"widget\" data-widget_type=\"image.default\">\n\t\t\t\t<div class=\"elementor-widget-container\">\n\t\t\t\t\t\t\t\t\t\t\t\t\t\t\t<img fetchpriority=\"high\" decoding=\"async\" width=\"1000\" height=\"1000\" src=\"https:\/\/kahrs.ch\/wp-content\/uploads\/2023\/07\/1-3-1.jpg\" class=\"attachment-full size-full wp-image-2710\" alt=\"\" srcset=\"https:\/\/kahrs.ch\/wp-content\/uploads\/2023\/07\/1-3-1.jpg 1000w, https:\/\/kahrs.ch\/wp-content\/uploads\/2023\/07\/1-3-1-300x300.jpg 300w, https:\/\/kahrs.ch\/wp-content\/uploads\/2023\/07\/1-3-1-100x100.jpg 100w, https:\/\/kahrs.ch\/wp-content\/uploads\/2023\/07\/1-3-1-600x600.jpg 600w, https:\/\/kahrs.ch\/wp-content\/uploads\/2023\/07\/1-3-1-150x150.jpg 150w, https:\/\/kahrs.ch\/wp-content\/uploads\/2023\/07\/1-3-1-768x768.jpg 768w\" sizes=\"(max-width: 1000px) 100vw, 1000px\" \/>\t\t\t\t\t\t\t\t\t\t\t\t\t\t\t<\/div>\n\t\t\t\t<\/div>\n\t\t\t\t<div class=\"elementor-element elementor-element-218f596a elementor-widget elementor-widget-heading\" data-id=\"218f596a\" data-element_type=\"widget\" data-e-type=\"widget\" data-widget_type=\"heading.default\">\n\t\t\t\t<div class=\"elementor-widget-container\">\n\t\t\t\t\t<h2 class=\"elementor-heading-title elementor-size-default\">FLOOR PLANNER\n<\/h2>\t\t\t\t<\/div>\n\t\t\t\t<\/div>\n\t\t\t\t<div class=\"elementor-element elementor-element-7f7f3a1f elementor-widget elementor-widget-text-editor\" data-id=\"7f7f3a1f\" data-element_type=\"widget\" data-e-type=\"widget\" data-widget_type=\"text-editor.default\">\n\t\t\t\t<div class=\"elementor-widget-container\">\n\t\t\t\t\t\t\t\t\t<p>Nutzen Sie die neueste Technologie der k\u00fcnstlichen Intelligenz, um den Boden Ihrer Tr\u00e4ume in Ihrem eigenen Haus zu visualisieren.<\/p>\n\t\t\t\t\t\t\t\t<\/div>\n\t\t\t\t<\/div>\n\t\t\t\t<div class=\"elementor-element elementor-element-6e4e467 elementor-align-center elementor-widget elementor-widget-button\" data-id=\"6e4e467\" data-element_type=\"widget\" data-e-type=\"widget\" data-widget_type=\"button.default\">\n\t\t\t\t<div class=\"elementor-widget-container\">\n\t\t\t\t\t\t\t\t\t<div class=\"elementor-button-wrapper\">\n\t\t\t\t\t<a class=\"elementor-button elementor-button-link elementor-size-sm elementor-animation-grow\" href=\"https:\/\/kahrs.ch\/de\/einen-boden-mithilfe-des-virtuellen-showrooms-vergleichen\/\">\n\t\t\t\t\t\t<span class=\"elementor-button-content-wrapper\">\n\t\t\t\t\t\t\t\t\t<span class=\"elementor-button-text\">VERSUCHEN<\/span>\n\t\t\t\t\t<\/span>\n\t\t\t\t\t<\/a>\n\t\t\t\t<\/div>\n\t\t\t\t\t\t\t\t<\/div>\n\t\t\t\t<\/div>\n\t\t\t\t<\/div>\n\t\t<div class=\"elementor-element elementor-element-42160254 e-con-full e-flex e-con e-child\" data-id=\"42160254\" data-element_type=\"container\" data-e-type=\"container\" data-settings=\"{&quot;background_background&quot;:&quot;classic&quot;,&quot;jet_parallax_layout_list&quot;:[]}\">\n\t\t\t\t<div class=\"elementor-element elementor-element-7af753f elementor-widget elementor-widget-image\" data-id=\"7af753f\" data-element_type=\"widget\" data-e-type=\"widget\" data-widget_type=\"image.default\">\n\t\t\t\t<div class=\"elementor-widget-container\">\n\t\t\t\t\t\t\t\t\t\t\t\t\t\t\t<img decoding=\"async\" width=\"1000\" height=\"1000\" src=\"https:\/\/kahrs.ch\/wp-content\/uploads\/2023\/07\/2-5-1.jpg\" class=\"attachment-full size-full wp-image-2713\" alt=\"\" srcset=\"https:\/\/kahrs.ch\/wp-content\/uploads\/2023\/07\/2-5-1.jpg 1000w, https:\/\/kahrs.ch\/wp-content\/uploads\/2023\/07\/2-5-1-300x300.jpg 300w, https:\/\/kahrs.ch\/wp-content\/uploads\/2023\/07\/2-5-1-100x100.jpg 100w, https:\/\/kahrs.ch\/wp-content\/uploads\/2023\/07\/2-5-1-600x600.jpg 600w, https:\/\/kahrs.ch\/wp-content\/uploads\/2023\/07\/2-5-1-150x150.jpg 150w, https:\/\/kahrs.ch\/wp-content\/uploads\/2023\/07\/2-5-1-768x768.jpg 768w\" sizes=\"(max-width: 1000px) 100vw, 1000px\" \/>\t\t\t\t\t\t\t\t\t\t\t\t\t\t\t<\/div>\n\t\t\t\t<\/div>\n\t\t\t\t<div class=\"elementor-element elementor-element-727638d9 elementor-widget elementor-widget-heading\" data-id=\"727638d9\" data-element_type=\"widget\" data-e-type=\"widget\" data-widget_type=\"heading.default\">\n\t\t\t\t<div class=\"elementor-widget-container\">\n\t\t\t\t\t<h2 class=\"elementor-heading-title elementor-size-default\">H\u00c4NDLER\n<\/h2>\t\t\t\t<\/div>\n\t\t\t\t<\/div>\n\t\t\t\t<div class=\"elementor-element elementor-element-30fe6174 elementor-widget elementor-widget-text-editor\" data-id=\"30fe6174\" data-element_type=\"widget\" data-e-type=\"widget\" data-widget_type=\"text-editor.default\">\n\t\t\t\t<div class=\"elementor-widget-container\">\n\t\t\t\t\t\t\t\t\t<div class=\"elementor-element elementor-element-58e9e30 elementor-widget elementor-widget-text-editor\" data-id=\"58e9e30\" data-element_type=\"widget\" data-widget_type=\"text-editor.default\">\n<div class=\"elementor-widget-container\">\n<p>Wir empfehlen Ihnen, einen unserer H\u00e4ndler zu besuchen, da nichts die Haptik und Optik unserer B\u00f6den besser vermitteln kann als das Erlebnis, sie direkt zu sehen und zu f\u00fchlen.<\/p>\n<\/div>\n<\/div>\n\t\t\t\t\t\t\t\t<\/div>\n\t\t\t\t<\/div>\n\t\t\t\t<div class=\"elementor-element elementor-element-72fa619f elementor-align-center elementor-widget elementor-widget-button\" data-id=\"72fa619f\" data-element_type=\"widget\" data-e-type=\"widget\" data-widget_type=\"button.default\">\n\t\t\t\t<div class=\"elementor-widget-container\">\n\t\t\t\t\t\t\t\t\t<div class=\"elementor-button-wrapper\">\n\t\t\t\t\t<a class=\"elementor-button elementor-button-link elementor-size-sm elementor-animation-grow\" href=\"https:\/\/kahrs.ch\/de\/fachhaendler\/\">\n\t\t\t\t\t\t<span class=\"elementor-button-content-wrapper\">\n\t\t\t\t\t\t\t\t\t<span class=\"elementor-button-text\">EINEN H\u00c4NDLER FINDEN<\/span>\n\t\t\t\t\t<\/span>\n\t\t\t\t\t<\/a>\n\t\t\t\t<\/div>\n\t\t\t\t\t\t\t\t<\/div>\n\t\t\t\t<\/div>\n\t\t\t\t<\/div>\n\t\t<div class=\"elementor-element elementor-element-786d0311 e-con-full e-flex e-con e-child\" data-id=\"786d0311\" data-element_type=\"container\" data-e-type=\"container\" data-settings=\"{&quot;background_background&quot;:&quot;classic&quot;,&quot;jet_parallax_layout_list&quot;:[]}\">\n\t\t\t\t<div class=\"elementor-element elementor-element-6edb742 elementor-widget elementor-widget-image\" data-id=\"6edb742\" data-element_type=\"widget\" data-e-type=\"widget\" data-widget_type=\"image.default\">\n\t\t\t\t<div class=\"elementor-widget-container\">\n\t\t\t\t\t\t\t\t\t\t\t\t\t\t\t<img decoding=\"async\" width=\"2560\" height=\"2560\" src=\"https:\/\/kahrs.ch\/wp-content\/uploads\/2023\/09\/reference-scaled.jpg\" class=\"attachment-full size-full wp-image-10013\" alt=\"\" srcset=\"https:\/\/kahrs.ch\/wp-content\/uploads\/2023\/09\/reference-scaled.jpg 2560w, https:\/\/kahrs.ch\/wp-content\/uploads\/2023\/09\/reference-300x300.jpg 300w, https:\/\/kahrs.ch\/wp-content\/uploads\/2023\/09\/reference-scaled-100x100.jpg 100w, https:\/\/kahrs.ch\/wp-content\/uploads\/2023\/09\/reference-scaled-600x600.jpg 600w, https:\/\/kahrs.ch\/wp-content\/uploads\/2023\/09\/reference-1024x1024.jpg 1024w, https:\/\/kahrs.ch\/wp-content\/uploads\/2023\/09\/reference-150x150.jpg 150w, https:\/\/kahrs.ch\/wp-content\/uploads\/2023\/09\/reference-768x768.jpg 768w, https:\/\/kahrs.ch\/wp-content\/uploads\/2023\/09\/reference-1536x1536.jpg 1536w, https:\/\/kahrs.ch\/wp-content\/uploads\/2023\/09\/reference-2048x2048.jpg 2048w\" sizes=\"(max-width: 2560px) 100vw, 2560px\" \/>\t\t\t\t\t\t\t\t\t\t\t\t\t\t\t<\/div>\n\t\t\t\t<\/div>\n\t\t\t\t<div class=\"elementor-element elementor-element-20507929 elementor-widget elementor-widget-heading\" data-id=\"20507929\" data-element_type=\"widget\" data-e-type=\"widget\" data-widget_type=\"heading.default\">\n\t\t\t\t<div class=\"elementor-widget-container\">\n\t\t\t\t\t<h2 class=\"elementor-heading-title elementor-size-default\">Referenzen\n<\/h2>\t\t\t\t<\/div>\n\t\t\t\t<\/div>\n\t\t\t\t<div class=\"elementor-element elementor-element-1557fdbd elementor-widget elementor-widget-text-editor\" data-id=\"1557fdbd\" data-element_type=\"widget\" data-e-type=\"widget\" data-widget_type=\"text-editor.default\">\n\t\t\t\t<div class=\"elementor-widget-container\">\n\t\t\t\t\t\t\t\t\t<p>K\u00e4hrs Parkettb\u00f6den wurden in Gewerbe- und Wohngebieten auf der ganzen Welt verlegt. <\/p>\n\t\t\t\t\t\t\t\t<\/div>\n\t\t\t\t<\/div>\n\t\t\t\t<div class=\"elementor-element elementor-element-6bcf8a9c elementor-align-center elementor-widget elementor-widget-button\" data-id=\"6bcf8a9c\" data-element_type=\"widget\" data-e-type=\"widget\" data-widget_type=\"button.default\">\n\t\t\t\t<div class=\"elementor-widget-container\">\n\t\t\t\t\t\t\t\t\t<div class=\"elementor-button-wrapper\">\n\t\t\t\t\t<a class=\"elementor-button elementor-button-link elementor-size-sm elementor-animation-grow\" href=\"https:\/\/kahrs.ch\/de\/referenzen\/\">\n\t\t\t\t\t\t<span class=\"elementor-button-content-wrapper\">\n\t\t\t\t\t\t\t\t\t<span class=\"elementor-button-text\">SIEHE REFERENZEN<\/span>\n\t\t\t\t\t<\/span>\n\t\t\t\t\t<\/a>\n\t\t\t\t<\/div>\n\t\t\t\t\t\t\t\t<\/div>\n\t\t\t\t<\/div>\n\t\t\t\t<\/div>\n\t\t\t\t\t<\/div>\n\t\t\t\t<\/div>\n\t\t\t\t<\/div>\n\t\t","protected":false},"excerpt":{"rendered":"<p>Die Farbe des Parketts ENTDECKEN SIE DIE PERFEKTE PARKETTFARBE F\u00dcR IHREN WOHNBEREICH Wir bei K\u00e4hrs sind \u00fcberzeugt, dass die Wahl der richtigen Farbe f\u00fcr Ihren Parkettboden ein entscheidender Schritt ist. Ob Sie warme, satte Farbt\u00f6ne oder k\u00fchle und moderne Nuancen bevorzugen, unsere breite Auswahl an Parkettfarben bietet unendliche M\u00f6glichkeiten, Ihren Raum aufzuwerten und zu versch\u00f6nern. [&hellip;]<\/p>\n","protected":false},"author":2,"featured_media":16358,"parent":0,"menu_order":0,"comment_status":"closed","ping_status":"closed","template":"elementor_header_footer","meta":{"_acf_changed":false,"site-sidebar-layout":"no-sidebar","site-content-layout":"page-builder","ast-site-content-layout":"full-width-container","site-content-style":"default","site-sidebar-style":"default","ast-global-header-display":"","ast-banner-title-visibility":"","ast-main-header-display":"","ast-hfb-above-header-display":"","ast-hfb-below-header-display":"","ast-hfb-mobile-header-display":"","site-post-title":"disabled","ast-breadcrumbs-content":"","ast-featured-img":"disabled","footer-sml-layout":"","ast-disable-related-posts":"","theme-transparent-header-meta":"","adv-header-id-meta":"","stick-header-meta":"","header-above-stick-meta":"","header-main-stick-meta":"","header-below-stick-meta":"","astra-migrate-meta-layouts":"default","ast-page-background-enabled":"default","ast-page-background-meta":{"desktop":{"background-color":"var(--ast-global-color-4)","background-image":"","background-repeat":"repeat","background-position":"center center","background-size":"auto","background-attachment":"scroll","background-type":"","background-media":"","overlay-type":"","overlay-color":"","overlay-opacity":"","overlay-gradient":""},"tablet":{"background-color":"","background-image":"","background-repeat":"repeat","background-position":"center center","background-size":"auto","background-attachment":"scroll","background-type":"","background-media":"","overlay-type":"","overlay-color":"","overlay-opacity":"","overlay-gradient":""},"mobile":{"background-color":"","background-image":"","background-repeat":"repeat","background-position":"center center","background-size":"auto","background-attachment":"scroll","background-type":"","background-media":"","overlay-type":"","overlay-color":"","overlay-opacity":"","overlay-gradient":""}},"ast-content-background-meta":{"desktop":{"background-color":"var(--ast-global-color-5)","background-image":"","background-repeat":"repeat","background-position":"center center","background-size":"auto","background-attachment":"scroll","background-type":"","background-media":"","overlay-type":"","overlay-color":"","overlay-opacity":"","overlay-gradient":""},"tablet":{"background-color":"var(--ast-global-color-5)","background-image":"","background-repeat":"repeat","background-position":"center center","background-size":"auto","background-attachment":"scroll","background-type":"","background-media":"","overlay-type":"","overlay-color":"","overlay-opacity":"","overlay-gradient":""},"mobile":{"background-color":"var(--ast-global-color-5)","background-image":"","background-repeat":"repeat","background-position":"center center","background-size":"auto","background-attachment":"scroll","background-type":"","background-media":"","overlay-type":"","overlay-color":"","overlay-opacity":"","overlay-gradient":""}},"footnotes":""},"class_list":["post-16928","page","type-page","status-publish","has-post-thumbnail","hentry"],"acf":[],"yoast_head":"<!-- This site is optimized with the Yoast SEO plugin v27.1.1 - https:\/\/yoast.com\/product\/yoast-seo-wordpress\/ -->\n<title>Die Farbe des Parketts | K\u00e4hrs Switzerland<\/title>\n<meta name=\"description\" content=\"Es ist ein wichtiger Schritt, die richtige Farbe f\u00fcr Ihren Parkettboden zu finden. Egal, ob Sie dunkle oder helle Farbt\u00f6ne bevorzugen, bei uns finden Sie garantiert das Richtige!\" \/>\n<meta name=\"robots\" content=\"index, follow, max-snippet:-1, max-image-preview:large, max-video-preview:-1\" \/>\n<link rel=\"canonical\" href=\"https:\/\/kahrs.ch\/de\/die-farbe-des-parketts\/\" \/>\n<meta property=\"og:locale\" content=\"de_DE\" \/>\n<meta property=\"og:type\" content=\"article\" \/>\n<meta property=\"og:title\" content=\"Die Farbe des Parketts | K\u00e4hrs Switzerland\" \/>\n<meta property=\"og:description\" content=\"Es ist ein wichtiger Schritt, die richtige Farbe f\u00fcr Ihren Parkettboden zu finden. Egal, ob Sie dunkle oder helle Farbt\u00f6ne bevorzugen, bei uns finden Sie garantiert das Richtige!\" \/>\n<meta property=\"og:url\" content=\"https:\/\/kahrs.ch\/de\/die-farbe-des-parketts\/\" \/>\n<meta property=\"og:site_name\" content=\"K\u00e4hrs Switzerland\" \/>\n<meta property=\"article:modified_time\" content=\"2025-01-24T08:34:33+00:00\" \/>\n<meta property=\"og:image\" content=\"https:\/\/kahrs.ch\/wp-content\/uploads\/2024\/06\/5.jpg\" \/>\n\t<meta property=\"og:image:width\" content=\"500\" \/>\n\t<meta property=\"og:image:height\" content=\"500\" \/>\n\t<meta property=\"og:image:type\" content=\"image\/jpeg\" \/>\n<meta name=\"twitter:card\" content=\"summary_large_image\" \/>\n<meta name=\"twitter:label1\" content=\"Gesch\u00e4tzte Lesezeit\" \/>\n\t<meta name=\"twitter:data1\" content=\"2\u00a0Minuten\" \/>\n<script type=\"application\/ld+json\" class=\"yoast-schema-graph\">{\"@context\":\"https:\/\/schema.org\",\"@graph\":[{\"@type\":\"WebPage\",\"@id\":\"https:\/\/kahrs.ch\/de\/die-farbe-des-parketts\/\",\"url\":\"https:\/\/kahrs.ch\/de\/die-farbe-des-parketts\/\",\"name\":\"Die Farbe des Parketts | K\u00e4hrs Switzerland\",\"isPartOf\":{\"@id\":\"https:\/\/kahrs.ch\/de\/#website\"},\"primaryImageOfPage\":{\"@id\":\"https:\/\/kahrs.ch\/de\/die-farbe-des-parketts\/#primaryimage\"},\"image\":{\"@id\":\"https:\/\/kahrs.ch\/de\/die-farbe-des-parketts\/#primaryimage\"},\"thumbnailUrl\":\"https:\/\/kahrs.ch\/wp-content\/uploads\/2024\/06\/5.jpg\",\"datePublished\":\"2024-06-23T10:11:08+00:00\",\"dateModified\":\"2025-01-24T08:34:33+00:00\",\"description\":\"Es ist ein wichtiger Schritt, die richtige Farbe f\u00fcr Ihren Parkettboden zu finden. Egal, ob Sie dunkle oder helle Farbt\u00f6ne bevorzugen, bei uns finden Sie garantiert das Richtige!\",\"breadcrumb\":{\"@id\":\"https:\/\/kahrs.ch\/de\/die-farbe-des-parketts\/#breadcrumb\"},\"inLanguage\":\"de\",\"potentialAction\":[{\"@type\":\"ReadAction\",\"target\":[\"https:\/\/kahrs.ch\/de\/die-farbe-des-parketts\/\"]}]},{\"@type\":\"ImageObject\",\"inLanguage\":\"de\",\"@id\":\"https:\/\/kahrs.ch\/de\/die-farbe-des-parketts\/#primaryimage\",\"url\":\"https:\/\/kahrs.ch\/wp-content\/uploads\/2024\/06\/5.jpg\",\"contentUrl\":\"https:\/\/kahrs.ch\/wp-content\/uploads\/2024\/06\/5.jpg\",\"width\":500,\"height\":500,\"caption\":\"Parquet blanc dans une chambre\"},{\"@type\":\"BreadcrumbList\",\"@id\":\"https:\/\/kahrs.ch\/de\/die-farbe-des-parketts\/#breadcrumb\",\"itemListElement\":[{\"@type\":\"ListItem\",\"position\":1,\"name\":\"Accueil\",\"item\":\"https:\/\/kahrs.ch\/de\/kaehrs-parkett-und-vinylboeden\/\"},{\"@type\":\"ListItem\",\"position\":2,\"name\":\"Die Farbe des Parketts\"}]},{\"@type\":\"WebSite\",\"@id\":\"https:\/\/kahrs.ch\/de\/#website\",\"url\":\"https:\/\/kahrs.ch\/de\/\",\"name\":\"K\u00e4hrs Switzerland\",\"description\":\"\",\"publisher\":{\"@id\":\"https:\/\/kahrs.ch\/de\/#organization\"},\"alternateName\":\"K\u00e4hrs Switzerland\",\"potentialAction\":[{\"@type\":\"SearchAction\",\"target\":{\"@type\":\"EntryPoint\",\"urlTemplate\":\"https:\/\/kahrs.ch\/de\/?s={search_term_string}\"},\"query-input\":{\"@type\":\"PropertyValueSpecification\",\"valueRequired\":true,\"valueName\":\"search_term_string\"}}],\"inLanguage\":\"de\"},{\"@type\":\"Organization\",\"@id\":\"https:\/\/kahrs.ch\/de\/#organization\",\"name\":\"K\u00e4hrs Switzerland\",\"url\":\"https:\/\/kahrs.ch\/de\/\",\"logo\":{\"@type\":\"ImageObject\",\"inLanguage\":\"de\",\"@id\":\"https:\/\/kahrs.ch\/de\/#\/schema\/logo\/image\/\",\"url\":\"https:\/\/kahrs.ch\/wp-content\/uploads\/2023\/08\/Kahrs-logotype-without-tagline_Print-150dpi_2-1.jpg\",\"contentUrl\":\"https:\/\/kahrs.ch\/wp-content\/uploads\/2023\/08\/Kahrs-logotype-without-tagline_Print-150dpi_2-1.jpg\",\"width\":421,\"height\":376,\"caption\":\"K\u00e4hrs Switzerland\"},\"image\":{\"@id\":\"https:\/\/kahrs.ch\/de\/#\/schema\/logo\/image\/\"}}]}<\/script>\n<!-- \/ Yoast SEO plugin. -->","yoast_head_json":{"title":"Die Farbe des Parketts | K\u00e4hrs Switzerland","description":"Es ist ein wichtiger Schritt, die richtige Farbe f\u00fcr Ihren Parkettboden zu finden. Egal, ob Sie dunkle oder helle Farbt\u00f6ne bevorzugen, bei uns finden Sie garantiert das Richtige!","robots":{"index":"index","follow":"follow","max-snippet":"max-snippet:-1","max-image-preview":"max-image-preview:large","max-video-preview":"max-video-preview:-1"},"canonical":"https:\/\/kahrs.ch\/de\/die-farbe-des-parketts\/","og_locale":"de_DE","og_type":"article","og_title":"Die Farbe des Parketts | K\u00e4hrs Switzerland","og_description":"Es ist ein wichtiger Schritt, die richtige Farbe f\u00fcr Ihren Parkettboden zu finden. Egal, ob Sie dunkle oder helle Farbt\u00f6ne bevorzugen, bei uns finden Sie garantiert das Richtige!","og_url":"https:\/\/kahrs.ch\/de\/die-farbe-des-parketts\/","og_site_name":"K\u00e4hrs Switzerland","article_modified_time":"2025-01-24T08:34:33+00:00","og_image":[{"width":500,"height":500,"url":"https:\/\/kahrs.ch\/wp-content\/uploads\/2024\/06\/5.jpg","type":"image\/jpeg"}],"twitter_card":"summary_large_image","twitter_misc":{"Gesch\u00e4tzte Lesezeit":"2\u00a0Minuten"},"schema":{"@context":"https:\/\/schema.org","@graph":[{"@type":"WebPage","@id":"https:\/\/kahrs.ch\/de\/die-farbe-des-parketts\/","url":"https:\/\/kahrs.ch\/de\/die-farbe-des-parketts\/","name":"Die Farbe des Parketts | K\u00e4hrs Switzerland","isPartOf":{"@id":"https:\/\/kahrs.ch\/de\/#website"},"primaryImageOfPage":{"@id":"https:\/\/kahrs.ch\/de\/die-farbe-des-parketts\/#primaryimage"},"image":{"@id":"https:\/\/kahrs.ch\/de\/die-farbe-des-parketts\/#primaryimage"},"thumbnailUrl":"https:\/\/kahrs.ch\/wp-content\/uploads\/2024\/06\/5.jpg","datePublished":"2024-06-23T10:11:08+00:00","dateModified":"2025-01-24T08:34:33+00:00","description":"Es ist ein wichtiger Schritt, die richtige Farbe f\u00fcr Ihren Parkettboden zu finden. Egal, ob Sie dunkle oder helle Farbt\u00f6ne bevorzugen, bei uns finden Sie garantiert das Richtige!","breadcrumb":{"@id":"https:\/\/kahrs.ch\/de\/die-farbe-des-parketts\/#breadcrumb"},"inLanguage":"de","potentialAction":[{"@type":"ReadAction","target":["https:\/\/kahrs.ch\/de\/die-farbe-des-parketts\/"]}]},{"@type":"ImageObject","inLanguage":"de","@id":"https:\/\/kahrs.ch\/de\/die-farbe-des-parketts\/#primaryimage","url":"https:\/\/kahrs.ch\/wp-content\/uploads\/2024\/06\/5.jpg","contentUrl":"https:\/\/kahrs.ch\/wp-content\/uploads\/2024\/06\/5.jpg","width":500,"height":500,"caption":"Parquet blanc dans une chambre"},{"@type":"BreadcrumbList","@id":"https:\/\/kahrs.ch\/de\/die-farbe-des-parketts\/#breadcrumb","itemListElement":[{"@type":"ListItem","position":1,"name":"Accueil","item":"https:\/\/kahrs.ch\/de\/kaehrs-parkett-und-vinylboeden\/"},{"@type":"ListItem","position":2,"name":"Die Farbe des Parketts"}]},{"@type":"WebSite","@id":"https:\/\/kahrs.ch\/de\/#website","url":"https:\/\/kahrs.ch\/de\/","name":"K\u00e4hrs Switzerland","description":"","publisher":{"@id":"https:\/\/kahrs.ch\/de\/#organization"},"alternateName":"K\u00e4hrs Switzerland","potentialAction":[{"@type":"SearchAction","target":{"@type":"EntryPoint","urlTemplate":"https:\/\/kahrs.ch\/de\/?s={search_term_string}"},"query-input":{"@type":"PropertyValueSpecification","valueRequired":true,"valueName":"search_term_string"}}],"inLanguage":"de"},{"@type":"Organization","@id":"https:\/\/kahrs.ch\/de\/#organization","name":"K\u00e4hrs Switzerland","url":"https:\/\/kahrs.ch\/de\/","logo":{"@type":"ImageObject","inLanguage":"de","@id":"https:\/\/kahrs.ch\/de\/#\/schema\/logo\/image\/","url":"https:\/\/kahrs.ch\/wp-content\/uploads\/2023\/08\/Kahrs-logotype-without-tagline_Print-150dpi_2-1.jpg","contentUrl":"https:\/\/kahrs.ch\/wp-content\/uploads\/2023\/08\/Kahrs-logotype-without-tagline_Print-150dpi_2-1.jpg","width":421,"height":376,"caption":"K\u00e4hrs Switzerland"},"image":{"@id":"https:\/\/kahrs.ch\/de\/#\/schema\/logo\/image\/"}}]}},"_links":{"self":[{"href":"https:\/\/kahrs.ch\/de\/wp-json\/wp\/v2\/pages\/16928","targetHints":{"allow":["GET"]}}],"collection":[{"href":"https:\/\/kahrs.ch\/de\/wp-json\/wp\/v2\/pages"}],"about":[{"href":"https:\/\/kahrs.ch\/de\/wp-json\/wp\/v2\/types\/page"}],"author":[{"embeddable":true,"href":"https:\/\/kahrs.ch\/de\/wp-json\/wp\/v2\/users\/2"}],"replies":[{"embeddable":true,"href":"https:\/\/kahrs.ch\/de\/wp-json\/wp\/v2\/comments?post=16928"}],"version-history":[{"count":3,"href":"https:\/\/kahrs.ch\/de\/wp-json\/wp\/v2\/pages\/16928\/revisions"}],"predecessor-version":[{"id":18630,"href":"https:\/\/kahrs.ch\/de\/wp-json\/wp\/v2\/pages\/16928\/revisions\/18630"}],"wp:featuredmedia":[{"embeddable":true,"href":"https:\/\/kahrs.ch\/de\/wp-json\/wp\/v2\/media\/16358"}],"wp:attachment":[{"href":"https:\/\/kahrs.ch\/de\/wp-json\/wp\/v2\/media?parent=16928"}],"curies":[{"name":"wp","href":"https:\/\/api.w.org\/{rel}","templated":true}]}}